{"id":6294,"date":"2025-05-22T13:34:08","date_gmt":"2025-05-22T13:34:08","guid":{"rendered":"https:\/\/moeller-wedel-optical.com\/?page_id=6294"},"modified":"2025-05-23T13:11:18","modified_gmt":"2025-05-23T13:11:18","slug":"laser-landing","status":"publish","type":"page","link":"https:\/\/moeller-wedel-optical.com\/en\/laser-landing\/","title":{"rendered":"Laser Landing"},"content":{"rendered":"<p>[et_pb_section fb_built=&#8221;1&#8243; _builder_version=&#8221;4.27.4&#8243; _module_preset=&#8221;default&#8221; global_colors_info=&#8221;{}&#8221;][et_pb_row _builder_version=&#8221;4.27.4&#8243; _module_preset=&#8221;default&#8221; global_colors_info=&#8221;{}&#8221;][et_pb_column type=&#8221;4_4&#8243; _builder_version=&#8221;4.27.4&#8243; _module_preset=&#8221;default&#8221; global_colors_info=&#8221;{}&#8221;][sm_header_image image=&#8221;https:\/\/moeller-wedel-optical.com\/wp-content\/uploads\/20220427_085436-scaled.jpg&#8221; title=&#8221;Visit us at the&#8221; text=&#8221;27th Laser World of Photonics in Munich&#8221; _builder_version=&#8221;4.27.4&#8243; _module_preset=&#8221;default&#8221; global_colors_info=&#8221;{}&#8221;][\/sm_header_image][sm_image_text subheadline=&#8221;June 24\u201327, 2025&#8243; headline=&#8221;Claim your free ticket for Laser World of Photonics 2025.&#8221; show_link=&#8221;on&#8221; link_text=&#8221;Request your free trade fair ticket now.&#8221; link_url=&#8221;#banner&#8221; image=&#8221;https:\/\/moeller-wedel-optical.com\/wp-content\/uploads\/FWEBP.webp&#8221; admin_label=&#8221;Bild und Text&#8221; _builder_version=&#8221;4.27.4&#8243; _module_preset=&#8221;default&#8221; global_colors_info=&#8221;{}&#8221;]<\/p>\n<p data-start=\"0\" data-end=\"289\" class=\"\">The Laser World of Photonics is the world\u2019s leading trade fair for photonics components, systems, and applications. Since its inception in 1973, it has been held every two years by Messe M\u00fcnchen and has become a key meeting point for professionals from industry, research, and development.<\/p>\n<p data-start=\"291\" data-end=\"468\" class=\"\">We are pleased to announce that M\u00f6ller-Wedel Optical will be exhibiting at the 27th Laser World of Photonics \u2013 and we would be happy to provide you with a free ticket to attend.<\/p>\n<p>[\/sm_image_text][sm_text headline_design=&#8221;subline-brand&#8221; headline=&#8221;Products and solutions&#8221; headline_text=&#8221;Your specialist for high-precision optical measurement systems.&#8221; _builder_version=&#8221;4.27.4&#8243; _module_preset=&#8221;default&#8221; global_colors_info=&#8221;{}&#8221;]<\/p>\n<p data-start=\"0\" data-end=\"231\" class=\"\">Whether in industry, research, or development \u2013 precise measurements are the key to quality. At the 27th Laser World of Photonics, we will show you how our optical measurement solutions set new standards in accuracy and efficiency.<\/p>\n<ul data-start=\"233\" data-end=\"384\">\n<li data-start=\"233\" data-end=\"265\" class=\"\">\n<p data-start=\"235\" data-end=\"265\" class=\"\">Length and angle measurement<\/p>\n<\/li>\n<li data-start=\"266\" data-end=\"291\" class=\"\">\n<p data-start=\"268\" data-end=\"291\" class=\"\">Measuring instruments<\/p>\n<\/li>\n<li data-start=\"292\" data-end=\"321\" class=\"\">\n<p data-start=\"294\" data-end=\"321\" class=\"\">Custom measurement setups<\/p>\n<\/li>\n<li data-start=\"322\" data-end=\"350\" class=\"\">\n<p data-start=\"324\" data-end=\"350\" class=\"\">Material testing devices<\/p>\n<\/li>\n<li data-start=\"351\" data-end=\"384\" class=\"\">\n<p data-start=\"353\" data-end=\"384\" class=\"\">Other devices and instruments<\/p>\n<\/li>\n<\/ul>\n<p data-start=\"386\" data-end=\"564\" class=\"\">Our systems stand for maximum precision \u2013 engineered to reliably master even complex measurement tasks. Visit us at our booth and experience the performance of our products live.<\/p>\n<p>[\/sm_text][sm_headline variant=&#8221;subline&#8221; title=&#8221;We look forward meeting you in person.&#8221; text=&#8221;Hall A3 Booth 111&#8243; alignment=&#8221;center&#8221; offset_bottom=&#8221;md&#8221; _builder_version=&#8221;4.27.4&#8243; _module_preset=&#8221;default&#8221; global_colors_info=&#8221;{}&#8221;][\/sm_headline][sm_image file=&#8221;https:\/\/moeller-wedel-optical.com\/wp-content\/uploads\/Messebild.png&#8221; offset_bottom=&#8221;no&#8221; _builder_version=&#8221;4.27.4&#8243; _module_preset=&#8221;default&#8221; global_colors_info=&#8221;{}&#8221;][\/sm_image][sm_text offset_bottom=&#8221;lg&#8221; admin_label=&#8221;banner&#8221; module_id=&#8221;banner&#8221; _builder_version=&#8221;4.27.4&#8243; _module_preset=&#8221;default&#8221; global_colors_info=&#8221;{}&#8221;][\/sm_text][sm_image_text subheadline=&#8221;Request your free trade fair ticket.&#8221; headline=&#8221;We look forward to welcoming you in person.&#8221; image=&#8221;https:\/\/moeller-wedel-optical.com\/wp-content\/uploads\/20220503_091009-beschnitten-scaled.jpg&#8221; _builder_version=&#8221;4.27.4&#8243; _module_preset=&#8221;default&#8221; global_colors_info=&#8221;{}&#8221;]<\/p>\n<p>We would like to take this opportunity to meet you in person and discuss challenges and solutions in the field of metrology. At Laser World of Photonics 2025, we will present our highlights and will be available on-site to answer any questions you may have.<\/p>\n<p>[\/sm_image_text][sm_contact_form email=&#8221;info@moeller-wedel-optical.com&#8221; title=&#8221;We are looking forward to your inquiry&#8221; subtitle=&#8221;Get in touch directly with us&#8221; custom_message=&#8221;Folgende Ticket-Anfrage wurde soeben \u00fcber die Laser-Landingpage (en) gesendet:<br \/>\n&#8212;&#8212;&#8212;&#8212;&#8212;&#8212;&#8212;&#8212;<br \/>\n&#8212; Kontaktdaten: &#8212;<br \/>\n&#8212;&#8212;&#8212;&#8212;&#8212;&#8212;&#8212;&#8212;<br \/>\nVorname: %%first_name%%<br \/>\nNachname: %%last_name%%<br \/>\nE-Mail: %%email%%<br \/>\nFirma: %%company%%<br \/>\n&#8212;&#8212;&#8212;&#8212;&#8212;&#8212;<br \/>\n&#8212; Adresse: &#8212;<br \/>\n&#8212;&#8212;&#8212;&#8212;&#8212;&#8212;<br \/>\n%%country%%&#8221; success_message=&#8221;Vielen Dank f\u00fcr Ihre Anfrage. Wir werden uns schnellstm\u00f6glich mit Ihnen in Verbindung setzen.  Ihr M\u00f6ller-Wedel Optical Team&#8221; submit_button_text=&#8221;REQUEST TICKET&#8221; _builder_version=&#8221;4.27.4&#8243; _module_preset=&#8221;default&#8221; _unique_id=&#8221;3961a6ac-9861-4445-9802-70d50b9161ec&#8221; hover_enabled=&#8221;0&#8243; global_colors_info=&#8221;{}&#8221; sticky_enabled=&#8221;0&#8243;][sm_contact_field field_id=&#8221;last_name&#8221; field_title=&#8221;Last name&#8221; required_mark=&#8221;on&#8221; _builder_version=&#8221;4.27.4&#8243; _module_preset=&#8221;default&#8221; global_colors_info=&#8221;{}&#8221;][\/sm_contact_field][sm_contact_field field_id=&#8221;first_name&#8221; field_title=&#8221;First name&#8221; required_mark=&#8221;on&#8221; _builder_version=&#8221;4.27.4&#8243; _module_preset=&#8221;default&#8221; global_colors_info=&#8221;{}&#8221;][\/sm_contact_field][sm_contact_field field_id=&#8221;company&#8221; field_title=&#8221;Company&#8221; required_mark=&#8221;on&#8221; _builder_version=&#8221;4.27.4&#8243; _module_preset=&#8221;default&#8221; global_colors_info=&#8221;{}&#8221;][\/sm_contact_field][sm_contact_field field_id=&#8221;email&#8221; field_title=&#8221;E-Mail Address&#8221; required_mark=&#8221;on&#8221; _builder_version=&#8221;4.27.4&#8243; _module_preset=&#8221;default&#8221; global_colors_info=&#8221;{}&#8221;][\/sm_contact_field][sm_contact_field field_id=&#8221;country&#8221; field_title=&#8221;Land&#8221; field_type=&#8221;country_select&#8221; required_mark=&#8221;on&#8221; fullwidth_field=&#8221;on&#8221; _builder_version=&#8221;4.27.4&#8243; _module_preset=&#8221;default&#8221; global_colors_info=&#8221;{}&#8221;][\/sm_contact_field][sm_contact_field field_id=&#8221;Datenschutz&#8221; field_title=&#8221; &#8221; field_type=&#8221;checkbox&#8221; checkbox_options=&#8221;%91{%22value%22:%22I have read your privacy policy and accept the terms contained therein.%22,%22checked%22:0,%22dragID%22:-1}%93&#8243; required_mark=&#8221;on&#8221; fullwidth_field=&#8221;on&#8221; _builder_version=&#8221;4.27.4&#8243; _module_preset=&#8221;default&#8221; global_colors_info=&#8221;{}&#8221;][\/sm_contact_field][\/sm_contact_form][\/et_pb_column][\/et_pb_row][\/et_pb_section]<\/p>\n","protected":false},"excerpt":{"rendered":"<p><div class=\"et_pb_module sm_header_image sm_header_image_0\">\n\t\t\t\t\n\t\t\t\t\n\t\t\t\t\n\t\t\t\t\n\t\t\t\t\n\t\t\t\t\n\t\t\t\t<div class=\"et_pb_module_inner\">\n\t\t\t\t\t\n\t\t\t<div class=\"module module--fullwidth offset-top--no offset-bottom--md\">\n\t\t\t\t<div class=\"sm-header-image sm-header-image--normal\">\n\t\t\t\t\t<div class=\"header-image__media\">\n\t\t\t\t\t\t<img decoding=\"async\" src=\"https:\/\/moeller-wedel-optical.com\/wp-content\/uploads\/20220427_085436-scaled.jpg\" alt=\"Visit us at the\" style=\"object-position: center center;\"\/>\n\t\t\t\t\t<\/div>\n\t\t\t\t\t<div class=\"header-image__content\">\n\t\t\t\t\t\t<div class=\"content__inner\">\n\t\t\t\t\t\t\t<h2 class=\"content__subtitle\">Visit us at the<\/h2>\n\t\t\t\t\t\t\t<h1 class=\"content__title\">27th Laser World of Photonics in Munich<\/h1> \n\t\t\t\t\t\t\t\n\t\t\t\t\t\t<\/div>\n\t\t\t\t\t<\/div>\n\t\t\t\t<\/div>\n\t\t\t<\/div>\n\t\t\t\t<\/div>\n\t\t\t<\/div><div class=\"et_pb_module sm_image_text sm_image_text_0\">\n\t\t\t\t\n\t\t\t\t\n\t\t\t\t\n\t\t\t\t\n\t\t\t\t\n\t\t\t\t\n\t\t\t\t<div class=\"et_pb_module_inner\">\n\t\t\t\t\t\n\t\t\t\t<div class=\"module module--boxed offset-top--no offset-bottom--md\" data-aos=\"fade-in\">\n\t\t\t\t\t<div class=\"sm-image-text sm-image-text--image-right sm-image-text--middle\">\n\t\t\t\t\t\t<div class=\"image-text__contentwrapper\">\n\t\t\t\t\t\t\t<div class=\"image-text__content\">\n\t\t\t\t\t\t\t\t<h3 class=\"content__subheadline\">June 24\u201327, 2025<\/h3>\n\t\t\t\t\t\t\t\t<h2 class=\"content__headline\">Claim your free ticket for Laser World of Photonics 2025.<\/h2>\n\t\t\t\t\t\t\t\t\n\t\t\t\t\t\t\t\t<a class=\"content__link\" href=\"#banner\" target=\"_self\">Request your free trade fair ticket now.<i class=\"fas fa-chevron-right\"><\/i><\/a>\n\t\t\t\t\t\t\t\t\n\t\t\t\t\t\t\t<\/div>\n\t\t\t\t\t\t\t<div class=\"image-text__image\">\n\t\t\t\t\t\t\t\t<div class=\"image__wrapper  \">\n\t\t\t\t\t\t\t\t\t<img decoding=\"async\" class=\"image\" src=\"https:\/\/moeller-wedel-optical.com\/wp-content\/uploads\/FWEBP.webp\" alt=\"animation image\">\n\t\t\t\t\t\t    <\/div>\n\t\t\t\t\t\t\t\t\n\t\t\t\t\t\t  <\/div>\n\t\t\t\t\t\t<\/div>\n\t\t\t\t\t<\/div>\n\t\t\t\t<\/div>\n\t\t\t\t<\/div>\n\t\t\t<\/div>The Laser World of Photonics is the world\u2019s leading trade fair [&hellip;]<\/p>\n","protected":false},"author":1,"featured_media":0,"parent":0,"menu_order":0,"comment_status":"closed","ping_status":"closed","template":"","meta":{"_et_pb_use_builder":"on","_et_pb_old_content":"","_et_gb_content_width":"","footnotes":""},"class_list":["post-6294","page","type-page","status-publish","hentry"],"yoast_head":"<!-- This site is optimized with the Yoast SEO plugin v27.5 - https:\/\/yoast.com\/product\/yoast-seo-wordpress\/ -->\n<title>Laser Landing - M\u00f6ller-Wedel Optical<\/title>\n<meta name=\"robots\" content=\"index, follow, max-snippet:-1, max-image-preview:large, max-video-preview:-1\" \/>\n<link rel=\"canonical\" href=\"https:\/\/moeller-wedel-optical.com\/en\/laser-landing\/\" \/>\n<meta property=\"og:locale\" content=\"en_US\" \/>\n<meta property=\"og:type\" content=\"article\" \/>\n<meta property=\"og:title\" content=\"Laser Landing - M\u00f6ller-Wedel Optical\" \/>\n<meta property=\"og:description\" content=\"The Laser World of Photonics is the world\u2019s leading trade fair [&hellip;]\" \/>\n<meta property=\"og:url\" content=\"https:\/\/moeller-wedel-optical.com\/en\/laser-landing\/\" \/>\n<meta property=\"og:site_name\" content=\"M\u00f6ller-Wedel Optical\" \/>\n<meta property=\"article:modified_time\" content=\"2025-05-23T13:11:18+00:00\" \/>\n<meta name=\"twitter:card\" content=\"summary_large_image\" \/>\n<script type=\"application\/ld+json\" class=\"yoast-schema-graph\">{\"@context\":\"https:\\\/\\\/schema.org\",\"@graph\":[{\"@type\":\"WebPage\",\"@id\":\"https:\\\/\\\/moeller-wedel-optical.com\\\/en\\\/laser-landing\\\/\",\"url\":\"https:\\\/\\\/moeller-wedel-optical.com\\\/en\\\/laser-landing\\\/\",\"name\":\"Laser Landing - M\u00f6ller-Wedel Optical\",\"isPartOf\":{\"@id\":\"https:\\\/\\\/moeller-wedel-optical.com\\\/en\\\/#website\"},\"datePublished\":\"2025-05-22T13:34:08+00:00\",\"dateModified\":\"2025-05-23T13:11:18+00:00\",\"breadcrumb\":{\"@id\":\"https:\\\/\\\/moeller-wedel-optical.com\\\/en\\\/laser-landing\\\/#breadcrumb\"},\"inLanguage\":\"en-US\",\"potentialAction\":[{\"@type\":\"ReadAction\",\"target\":[\"https:\\\/\\\/moeller-wedel-optical.com\\\/en\\\/laser-landing\\\/\"]}]},{\"@type\":\"BreadcrumbList\",\"@id\":\"https:\\\/\\\/moeller-wedel-optical.com\\\/en\\\/laser-landing\\\/#breadcrumb\",\"itemListElement\":[{\"@type\":\"ListItem\",\"position\":1,\"name\":\"Startseite\",\"item\":\"https:\\\/\\\/moeller-wedel-optical.com\\\/en\\\/\"},{\"@type\":\"ListItem\",\"position\":2,\"name\":\"Laser Landing\"}]},{\"@type\":\"WebSite\",\"@id\":\"https:\\\/\\\/moeller-wedel-optical.com\\\/en\\\/#website\",\"url\":\"https:\\\/\\\/moeller-wedel-optical.com\\\/en\\\/\",\"name\":\"M\u00f6ller-Wedel Optical\",\"description\":\"\",\"publisher\":{\"@id\":\"https:\\\/\\\/moeller-wedel-optical.com\\\/en\\\/#organization\"},\"potentialAction\":[{\"@type\":\"SearchAction\",\"target\":{\"@type\":\"EntryPoint\",\"urlTemplate\":\"https:\\\/\\\/moeller-wedel-optical.com\\\/en\\\/?s={search_term_string}\"},\"query-input\":{\"@type\":\"PropertyValueSpecification\",\"valueRequired\":true,\"valueName\":\"search_term_string\"}}],\"inLanguage\":\"en-US\"},{\"@type\":\"Organization\",\"@id\":\"https:\\\/\\\/moeller-wedel-optical.com\\\/en\\\/#organization\",\"name\":\"M\u00f6ller-Wedel Optical\",\"url\":\"https:\\\/\\\/moeller-wedel-optical.com\\\/en\\\/\",\"logo\":{\"@type\":\"ImageObject\",\"inLanguage\":\"en-US\",\"@id\":\"https:\\\/\\\/moeller-wedel-optical.com\\\/en\\\/#\\\/schema\\\/logo\\\/image\\\/\",\"url\":\"https:\\\/\\\/moeller-wedel-optical.com\\\/wp-content\\\/uploads\\\/cropped-android-chrome-192x192-1.png\",\"contentUrl\":\"https:\\\/\\\/moeller-wedel-optical.com\\\/wp-content\\\/uploads\\\/cropped-android-chrome-192x192-1.png\",\"width\":512,\"height\":512,\"caption\":\"M\u00f6ller-Wedel Optical\"},\"image\":{\"@id\":\"https:\\\/\\\/moeller-wedel-optical.com\\\/en\\\/#\\\/schema\\\/logo\\\/image\\\/\"}}]}<\/script>\n<!-- \/ Yoast SEO plugin. -->","yoast_head_json":{"title":"Laser Landing - M\u00f6ller-Wedel Optical","robots":{"index":"index","follow":"follow","max-snippet":"max-snippet:-1","max-image-preview":"max-image-preview:large","max-video-preview":"max-video-preview:-1"},"canonical":"https:\/\/moeller-wedel-optical.com\/en\/laser-landing\/","og_locale":"en_US","og_type":"article","og_title":"Laser Landing - M\u00f6ller-Wedel Optical","og_description":"The Laser World of Photonics is the world\u2019s leading trade fair [&hellip;]","og_url":"https:\/\/moeller-wedel-optical.com\/en\/laser-landing\/","og_site_name":"M\u00f6ller-Wedel Optical","article_modified_time":"2025-05-23T13:11:18+00:00","twitter_card":"summary_large_image","schema":{"@context":"https:\/\/schema.org","@graph":[{"@type":"WebPage","@id":"https:\/\/moeller-wedel-optical.com\/en\/laser-landing\/","url":"https:\/\/moeller-wedel-optical.com\/en\/laser-landing\/","name":"Laser Landing - M\u00f6ller-Wedel Optical","isPartOf":{"@id":"https:\/\/moeller-wedel-optical.com\/en\/#website"},"datePublished":"2025-05-22T13:34:08+00:00","dateModified":"2025-05-23T13:11:18+00:00","breadcrumb":{"@id":"https:\/\/moeller-wedel-optical.com\/en\/laser-landing\/#breadcrumb"},"inLanguage":"en-US","potentialAction":[{"@type":"ReadAction","target":["https:\/\/moeller-wedel-optical.com\/en\/laser-landing\/"]}]},{"@type":"BreadcrumbList","@id":"https:\/\/moeller-wedel-optical.com\/en\/laser-landing\/#breadcrumb","itemListElement":[{"@type":"ListItem","position":1,"name":"Startseite","item":"https:\/\/moeller-wedel-optical.com\/en\/"},{"@type":"ListItem","position":2,"name":"Laser Landing"}]},{"@type":"WebSite","@id":"https:\/\/moeller-wedel-optical.com\/en\/#website","url":"https:\/\/moeller-wedel-optical.com\/en\/","name":"M\u00f6ller-Wedel Optical","description":"","publisher":{"@id":"https:\/\/moeller-wedel-optical.com\/en\/#organization"},"potentialAction":[{"@type":"SearchAction","target":{"@type":"EntryPoint","urlTemplate":"https:\/\/moeller-wedel-optical.com\/en\/?s={search_term_string}"},"query-input":{"@type":"PropertyValueSpecification","valueRequired":true,"valueName":"search_term_string"}}],"inLanguage":"en-US"},{"@type":"Organization","@id":"https:\/\/moeller-wedel-optical.com\/en\/#organization","name":"M\u00f6ller-Wedel Optical","url":"https:\/\/moeller-wedel-optical.com\/en\/","logo":{"@type":"ImageObject","inLanguage":"en-US","@id":"https:\/\/moeller-wedel-optical.com\/en\/#\/schema\/logo\/image\/","url":"https:\/\/moeller-wedel-optical.com\/wp-content\/uploads\/cropped-android-chrome-192x192-1.png","contentUrl":"https:\/\/moeller-wedel-optical.com\/wp-content\/uploads\/cropped-android-chrome-192x192-1.png","width":512,"height":512,"caption":"M\u00f6ller-Wedel Optical"},"image":{"@id":"https:\/\/moeller-wedel-optical.com\/en\/#\/schema\/logo\/image\/"}}]}},"_links":{"self":[{"href":"https:\/\/moeller-wedel-optical.com\/en\/wp-json\/wp\/v2\/pages\/6294","targetHints":{"allow":["GET"]}}],"collection":[{"href":"https:\/\/moeller-wedel-optical.com\/en\/wp-json\/wp\/v2\/pages"}],"about":[{"href":"https:\/\/moeller-wedel-optical.com\/en\/wp-json\/wp\/v2\/types\/page"}],"author":[{"embeddable":true,"href":"https:\/\/moeller-wedel-optical.com\/en\/wp-json\/wp\/v2\/users\/1"}],"replies":[{"embeddable":true,"href":"https:\/\/moeller-wedel-optical.com\/en\/wp-json\/wp\/v2\/comments?post=6294"}],"version-history":[{"count":14,"href":"https:\/\/moeller-wedel-optical.com\/en\/wp-json\/wp\/v2\/pages\/6294\/revisions"}],"predecessor-version":[{"id":6310,"href":"https:\/\/moeller-wedel-optical.com\/en\/wp-json\/wp\/v2\/pages\/6294\/revisions\/6310"}],"wp:attachment":[{"href":"https:\/\/moeller-wedel-optical.com\/en\/wp-json\/wp\/v2\/media?parent=6294"}],"curies":[{"name":"wp","href":"https:\/\/api.w.org\/{rel}","templated":true}]}}