{"id":2927,"date":"2023-06-06T08:22:22","date_gmt":"2023-06-06T08:22:22","guid":{"rendered":"https:\/\/moeller-wedel-optical.com\/history\/"},"modified":"2023-10-23T10:26:26","modified_gmt":"2023-10-23T10:26:26","slug":"history","status":"publish","type":"page","link":"https:\/\/moeller-wedel-optical.com\/en\/history\/","title":{"rendered":"History"},"content":{"rendered":"<p>[et_pb_section fb_built=&#8221;1&#8243; _builder_version=&#8221;4.21.0&#8243; _module_preset=&#8221;default&#8221; global_colors_info=&#8221;{}&#8221;][et_pb_row _builder_version=&#8221;4.21.0&#8243; _module_preset=&#8221;default&#8221; global_colors_info=&#8221;{}&#8221;][et_pb_column type=&#8221;4_4&#8243; _builder_version=&#8221;4.21.0&#8243; _module_preset=&#8221;default&#8221; global_colors_info=&#8221;{}&#8221;][sm_header_image variant=&#8221;small&#8221; image=&#8221;https:\/\/moeller-wedel-optical.com\/wp-content\/uploads\/2023\/04\/MWO-1919-scaled.jpg&#8221; title=&#8221;History&#8221; text=&#8221;The history of M\u00f6ller-Wedel Optical&#8221; offset_bottom=&#8221;sm&#8221; _builder_version=&#8221;4.23&#8243; _module_preset=&#8221;default&#8221; global_colors_info=&#8221;{}&#8221;][\/sm_header_image][sm_text headline=&#8221;It all began in Wedel &#8221; offset_bottom=&#8221;xs&#8221; _builder_version=&#8221;4.21.0&#8243; _module_preset=&#8221;default&#8221; global_colors_info=&#8221;{}&#8221;]<\/p>\n<p><span>The Wedel location has a special significance for the company. Business realignments and changes in corporate law, along with groundbreaking new products, have shaped the company to this day. One constant has remained even after 160 years. The company headquarters in Wedel on the Elbe. On this page we have compiled a selection of important milestones from the perspective of M\u00f6ller-Wedel Optical.     <\/span><\/p>\n<p>&nbsp;<\/p>\n<h4><strong>Technicon Museum <\/strong><\/h4>\n<p>A comprehensive insight into the industrial and technical history collection on the premises of the M\u00f6ller-Wedel company is offered by the Technicon at the Wedel site.<\/p>\n<blockquote>\n<h4 style=\"text-align: left;\"><\/h4>\n<h4 class=\"card-title h3\">Opening hours &amp; contact<\/h4>\n<div class=\"card-text\">\n<p><strong> Opening hours <\/strong> every 1st Saturday of the month 14-18<\/p>\n<p><strong>Adress<\/strong>M\u00f6ller-Technicon, Rosengarten 10, 22880 Wedel<\/p>\n<p><strong> Contact <\/strong><a href=\"mailto:technicon-stadtmuseum@wedel.de\">technicon-stadtmuseum@wedel.de<\/a><\/p>\n<\/div>\n<\/blockquote>\n<div class=\"card-text\">\n<p>We thank the Technicon Museum for providing the historical information. <\/p>\n<\/div>\n<p>[\/sm_text][\/et_pb_column][\/et_pb_row][\/et_pb_section][et_pb_section fb_built=&#8221;1&#8243; _builder_version=&#8221;4.21.0&#8243; _module_preset=&#8221;default&#8221; global_colors_info=&#8221;{}&#8221;][et_pb_row _builder_version=&#8221;4.21.0&#8243; _module_preset=&#8221;default&#8221; global_colors_info=&#8221;{}&#8221;][et_pb_column type=&#8221;4_4&#8243; _builder_version=&#8221;4.21.0&#8243; _module_preset=&#8221;default&#8221; global_colors_info=&#8221;{}&#8221;][sm_timeline title=&#8221;From 1864 to 2023&#8243; subtitle=&#8221;Our important milestones  &#8221; _builder_version=&#8221;4.23&#8243; _module_preset=&#8221;default&#8221; hover_enabled=&#8221;0&#8243; global_colors_info=&#8221;{}&#8221; sticky_enabled=&#8221;0&#8243;][sm_timeline_child date=&#8221;1864&#8243; title=&#8221;Company founded by Johann Dietrich M\u00f6ller&#8221; image=&#8221;https:\/\/moeller-wedel-optical.com\/wp-content\/uploads\/2023\/06\/Johann-Dietrich-Moeller.jpg&#8221; icon=&#8221;&#xf06c;||fa||900&#8243; _builder_version=&#8221;4.21.0&#8243; _module_preset=&#8221;default&#8221; global_colors_info=&#8221;{}&#8221;]<\/p>\n<p>The great genius Johann Diedrich M\u00f6ller was born on March 16, 1844 in his parents&#8217; house in Wedel. He studied the use and handling of optical instruments, such as microscopes and telescopes, which were already well developed at that time. He completed his apprenticeship at Easter 1864 with distinction. He then began an apprenticeship with what was then probably the best-known optician in northern Germany, Dr. Hugo Schr\u00f6der in Hamburg. Within a few months, he learned to manufacture and process glass for optical components and devices, such as lenses and prisms, which were then incorporated into microscopes, for example. Soon he built his first own microscope and just a few months later, at the age of 20, he founded his own company in his parents&#8217; house. This is the beginning of the industrial age in Wedel.      <\/p>\n<p>[\/sm_timeline_child][sm_timeline_child date=&#8221;1907&#8243; title=&#8221;Company takeover by Hugo M\u00f6ller &#8221; image=&#8221;https:\/\/moeller-wedel-optical.com\/wp-content\/uploads\/2023\/06\/Hugo-Moeller-scaled.jpg&#8221; icon=&#8221;&#xf56b;||fa||900&#8243; _builder_version=&#8221;4.21.0&#8243; _module_preset=&#8221;default&#8221; global_colors_info=&#8221;{}&#8221;]<\/p>\n<p>After the sudden death of his father, Hugo M\u00f6ller took over the business in 1907. He was born in Wedel on August 8, 1880, the second son of the taxidermist Johann Diedrich M\u00f6ller and his wife Johanna. He joined his father&#8217;s business as an apprentice at the end of 1897. In the years that followed, J.D. M\u00f6ller&#8217;s order book grew steadily. All the well-known companies were among the customers. When his father Johann Diedrich died quite suddenly in October 1907, Hugo M\u00f6ller was able to continue the business.      <\/p>\n<p>[\/sm_timeline_child][sm_timeline_child label=&#8221;First expansion&#8221; date=&#8221;1912&#8243; title=&#8221;First expansion&#8221; image=&#8221;https:\/\/moeller-wedel-optical.com\/wp-content\/uploads\/2023\/06\/Moeller_Belegschaft-1912-scaled.jpg&#8221; icon=&#8221;&#xf1ad;||fa||900&#8243; _builder_version=&#8221;4.21.0&#8243; _module_preset=&#8221;default&#8221; global_colors_info=&#8221;{}&#8221;]<\/p>\n<p>Building on the contacts made by his father in other European countries, such as z.B. <strong> England and Russia<\/strong>, Hugo M\u00f6ller succeeded in increasing exports of his high-quality products to these countries in the years around 1912. For this purpose, new employees had to be hired and soon more than <strong>100 skilled workers<\/strong> were working for the company. Soon, another site on the Rosengarten was purchased for an expansion of the company.  <\/p>\n<p>[\/sm_timeline_child][sm_timeline_child date=&#8221;1920&#8243; title=&#8221;First patent application &#8221; image=&#8221;https:\/\/moeller-wedel-optical.com\/wp-content\/uploads\/2023\/06\/Patent-Pentaprisma-1920&#8211;scaled.jpg&#8221; icon=&#8221;&#xf7f7;||fa||900&#8243; _builder_version=&#8221;4.21.0&#8243; _module_preset=&#8221;default&#8221; global_colors_info=&#8221;{}&#8221;]<\/p>\n<p>In 1920, the J.D. M\u00f6ller company applied for patent D.R.P. No.: 358868. The patent describes a penta-prism, with which the size of the binoculars could be made much more compact.<\/p>\n<p>[\/sm_timeline_child][sm_timeline_child date=&#8221;1925&#8243; title=&#8221;Company conversion&#8221; icon=&#8221;&#x6c;||divi||400&#8243; _builder_version=&#8221;4.21.0&#8243; _module_preset=&#8221;default&#8221; global_colors_info=&#8221;{}&#8221;]<\/p>\n<p>In <strong>1925<\/strong>, the company <strong>JDM was transformed into a limited liability company<\/strong> J. D. M\u00f6ller Optische Werke GmbH.<\/p>\n<p>[\/sm_timeline_child][sm_timeline_child date=&#8221;1934&#8243; title=&#8221;Alfred M\u00f6ller joins the company&#8221; image=&#8221;https:\/\/moeller-wedel-optical.com\/wp-content\/uploads\/2023\/06\/Alfred-Moeller-scaled.jpg&#8221; image_fit=&#8221;contain&#8221; icon=&#8221;&#xf1ae;||fa||900&#8243; _builder_version=&#8221;4.21.0&#8243; _module_preset=&#8221;default&#8221; global_colors_info=&#8221;{}&#8221;]<\/p>\n<p>In 1934, the eldest son Alfred, who had graduated from the Technical University of Berlin, joined his father&#8217;s company.<\/p>\n<p>[\/sm_timeline_child][sm_timeline_child date=&#8221;1950&#8243; title=&#8221;First measurement technology from Wedel &#8221; image=&#8221;https:\/\/moeller-wedel-optical.com\/wp-content\/uploads\/2023\/06\/Goniometer-Spektrometer_50er-jahre-scaled.jpg&#8221; icon=&#8221;&#xe007;||divi||400&#8243; _builder_version=&#8221;4.21.0&#8243; _module_preset=&#8221;default&#8221; global_colors_info=&#8221;{}&#8221;]<\/p>\n<p>In 1950, M\u00f6ller launched the first goniometer spectrometer on the market, which was still in use at PTB until 1999.<\/p>\n<p>[\/sm_timeline_child][sm_timeline_child label=&#8221;first autocollimator &#8221; date=&#8221;1960&#8243; title=&#8221;The first autocollimators are produced &#8221; image=&#8221;https:\/\/moeller-wedel-optical.com\/wp-content\/uploads\/erste-Autokollimatoren-um-1960-scaled.jpg&#8221; icon=&#8221;&#xe082;||divi||400&#8243; _builder_version=&#8221;4.23&#8243; _module_preset=&#8221;default&#8221; global_colors_info=&#8221;{}&#8221;]<\/p>\n<p>In the 1960s M\u00f6ller-Wedel developed modular autocollimators, initially for its own use.<\/p>\n<p>[\/sm_timeline_child][sm_timeline_child label=&#8221;Askania&#8221; date=&#8221;1970&#8243; title=&#8221;Acquisition of ASKANIA &#8221; image=&#8221;https:\/\/moeller-wedel-optical.com\/wp-content\/uploads\/Askania_Logo.png&#8221; icon=&#8221;&#xf4c4;||fa||900&#8243; _builder_version=&#8221;4.22.1&#8243; _module_preset=&#8221;default&#8221; global_colors_info=&#8221;{}&#8221;]<\/p>\n<p>M\u00f6ller Wedel takes over the measuring instruments division of ASKANIA in 1970 with interferometers, spherometers, test tubes and goniometers.<\/p>\n<p>&nbsp;<\/p>\n<p>[\/sm_timeline_child][sm_timeline_child label=&#8221;Interferometer&#8221; date=&#8221;1980&#8243; title=&#8221;The first interferometer with image evaluation and a prototype of an electronic autocollimator are developed.&#8221; image=&#8221;https:\/\/moeller-wedel-optical.com\/wp-content\/uploads\/Prototyp-elektronischer-Autokollimator.jpg&#8221; icon=&#8221;&#xe01e;||divi||400&#8243; _builder_version=&#8221;4.23&#8243; _module_preset=&#8221;default&#8221; global_colors_info=&#8221;{}&#8221;][\/sm_timeline_child][sm_timeline_child label=&#8221;Integration into the Haag-Streit Group&#8221; date=&#8221;1989&#8243; title=&#8221;Integration into the Haag-Streit Group&#8221; image=&#8221;https:\/\/moeller-wedel-optical.com\/wp-content\/uploads\/Haag-Streit-Logo.jpg&#8221; icon=&#8221;&#xe0a1;||divi||400&#8243; _builder_version=&#8221;4.22.1&#8243; _module_preset=&#8221;default&#8221; global_colors_info=&#8221;{}&#8221;]<\/p>\n<p>In 1990, J.D.M\u00f6ller Optische Werke GmbH (later M\u00f6ller-Wedel GmbH) was integrated into the Haag-Streit Group, headquartered in K\u00f6niz, Switzerland, which still heads M\u00f6ller-Wedel Optical today as part of Metall Zug AG.<\/p>\n<p>[\/sm_timeline_child][sm_timeline_child label=&#8221;Markteinf\u00fchrung ELCOMAT HR &#8221; date=&#8221;1990&#8243; title=&#8221;Market introduction of ELCOMAT HR &#8221; image=&#8221;https:\/\/moeller-wedel-optical.com\/wp-content\/uploads\/HR-m-Anzeige.jpg&#8221; _builder_version=&#8221;4.23&#8243; _module_preset=&#8221;default&#8221; global_colors_info=&#8221;{}&#8221;][\/sm_timeline_child][sm_timeline_child label=&#8221;ELCOMAT Vario series &#8221; date=&#8221;1999&#8243; title=&#8221;ELCOMAT Vario series &#8221; image=&#8221;https:\/\/moeller-wedel-optical.com\/wp-content\/uploads\/vario2.jpg&#8221; icon=&#8221;&#xe01e;||divi||400&#8243; _builder_version=&#8221;4.22.1&#8243; _module_preset=&#8221;default&#8221; global_colors_info=&#8221;{}&#8221;]<\/p>\n<p>Electronic Autocollimator<\/p>\n<p>[\/sm_timeline_child][sm_timeline_child label=&#8221;Foundation of M\u00f6ller-Wedel Optical GmbH&#8221; date=&#8221;2000&#8243; title=&#8221;Foundation of M\u00f6ller-Wedel Optical GmbH&#8221; image=&#8221;https:\/\/moeller-wedel-optical.com\/wp-content\/uploads\/Gruendung-MWO.jpg&#8221; image_fit=&#8221;contain&#8221; icon=&#8221;&#xe009;||divi||400&#8243; _builder_version=&#8221;4.21.0&#8243; _module_preset=&#8221;default&#8221; global_colors_info=&#8221;{}&#8221;]<\/p>\n<p>With the aim of aggressively expanding the market position of M\u00f6ller measuring instruments, the company <strong>M\u00f6ller-Wedel Optical GmbH<\/strong> was founded as a subsidiary of M\u00f6ller-Wedel GmbH with effect from <strong>01.01.2000<\/strong>.<\/p>\n<p>[\/sm_timeline_child][sm_timeline_child label=&#8221;ELCOMAT 3000&#8243; date=&#8221;2002&#8243; title=&#8221;Launch of the ELCOMAT 3000 Electronic Autocollimator&#8221; image=&#8221;https:\/\/moeller-wedel-optical.com\/wp-content\/uploads\/ELCOMAT3000-11-scaled.jpg&#8221; icon=&#8221;&#xe01e;||divi||400&#8243; _builder_version=&#8221;4.23&#8243; _module_preset=&#8221;default&#8221; hover_enabled=&#8221;0&#8243; global_colors_info=&#8221;{}&#8221; title_text=&#8221;ELCOMAT3000-11&#8243; sticky_enabled=&#8221;0&#8243;][\/sm_timeline_child][sm_timeline_child label=&#8221;ELCOMAT direct series &#8221; date=&#8221;2006&#8243; title=&#8221;Market launch of the ELCOMAT direct series &#8221; image=&#8221;https:\/\/moeller-wedel-optical.com\/wp-content\/uploads\/Overview-ELCOMAT_direct-MWO_Image_800x533.png&#8221; icon=&#8221;&#x4e;||divi||400&#8243; _builder_version=&#8221;4.21.0&#8243; _module_preset=&#8221;default&#8221; global_colors_info=&#8221;{}&#8221;][\/sm_timeline_child][sm_timeline_child label=&#8221;Interferometer VI direct&#8221; date=&#8221;2010&#8243; title=&#8221;Introduction of the Interferometer VI direct series&#8221; image=&#8221;https:\/\/moeller-wedel-optical.com\/wp-content\/uploads\/Interferometer-Broschueren-Cover.jpg&#8221; image_fit=&#8221;contain&#8221; icon=&#8221;&#xe01e;||divi||400&#8243; _builder_version=&#8221;4.21.0&#8243; _module_preset=&#8221;default&#8221; global_colors_info=&#8221;{}&#8221;][\/sm_timeline_child][sm_timeline_child label=&#8221;ELCOMAT HR-C &#8221; date=&#8221;2014&#8243; title=&#8221;Market launch ELCOMAT HR-C &#8221; image=&#8221;https:\/\/moeller-wedel-optical.com\/wp-content\/uploads\/ELCOMAT-HR-MWO_Slider_1000x500.png&#8221; icon=&#8221;&#x4e;||divi||400&#8243; _builder_version=&#8221;4.22.1&#8243; _module_preset=&#8221;default&#8221; global_colors_info=&#8221;{}&#8221;][\/sm_timeline_child][sm_timeline_child label=&#8221;CIFOS &#8221; date=&#8221;2016&#8243; title=&#8221;Market launch of the CIFOS centring measuring device&#8221; image=&#8221;https:\/\/moeller-wedel-optical.com\/wp-content\/uploads\/messprinzip-cifos.png&#8221; _builder_version=&#8221;4.22.1&#8243; _module_preset=&#8221;default&#8221; global_colors_info=&#8221;{}&#8221;]<\/p>\n<p>Measuring station for centring and aligning optical systems<\/p>\n<p>[\/sm_timeline_child][sm_timeline_child label=&#8221;DAkkS&#8221; date=&#8221;2017&#8243; title=&#8221;M\u00f6ller-Wedel Optical becomes a DAkkS accredited calibration laboratory&#8221; image=&#8221;https:\/\/moeller-wedel-optical.com\/wp-content\/uploads\/DAkkS.jpg&#8221; _builder_version=&#8221;4.22.1&#8243; _module_preset=&#8221;default&#8221; global_colors_info=&#8221;{}&#8221;]<\/p>\n<p>The company is now also a DAkkS accredited calibration laboratory for the dimensional measurand: angle &#8211; angle standards.<\/p>\n<p>[\/sm_timeline_child][sm_timeline_child label=&#8221;Market launch of the ELCOMAT 5000&#8243; date=&#8221;2018&#8243; title=&#8221;Market launch of the ELCOMAT 5000&#8243; image=&#8221;https:\/\/moeller-wedel-optical.com\/wp-content\/uploads\/ELCOMAT-5000-with-Display-Unit-MWO-Image-800&#215;533-1.png&#8221; _builder_version=&#8221;4.22.1&#8243; _module_preset=&#8221;default&#8221; global_colors_info=&#8221;{}&#8221;][\/sm_timeline_child][sm_timeline_child label=&#8221;Development of motor collimators&#8221; date=&#8221;2021&#8243; title=&#8221;Development of motorized collimators&#8221; image=&#8221;https:\/\/moeller-wedel-optical.com\/wp-content\/uploads\/TYP-KM-Grafik.jpg&#8221; _builder_version=&#8221;4.22.1&#8243; _module_preset=&#8221;default&#8221; global_colors_info=&#8221;{}&#8221;]<\/p>\n<p>M\u00f6ller-Wedel Optical has been developing motorised collimators for the automotive industry since 2021.<\/p>\n<p>[\/sm_timeline_child][sm_timeline_child label=&#8221;Optical bench with ELCOMAT wave&#8221; date=&#8221;2022&#8243; title=&#8221;Optical bench with ELCOMAT wave&#8221; image=&#8221;https:\/\/moeller-wedel-optical.com\/wp-content\/uploads\/WaveBench-scaled-e1694597858149.jpg&#8221; _builder_version=&#8221;4.22.1&#8243; _module_preset=&#8221;default&#8221; global_colors_info=&#8221;{}&#8221;]<\/p>\n<p>Brand launch of a cine autocollimator for film camera rental and service.<\/p>\n<p>[\/sm_timeline_child][\/sm_timeline][\/et_pb_column][\/et_pb_row][\/et_pb_section]<\/p>\n","protected":false},"excerpt":{"rendered":"<p><div class=\"et_pb_module sm_header_image sm_header_image_0\">\n\t\t\t\t\n\t\t\t\t\n\t\t\t\t\n\t\t\t\t\n\t\t\t\t\n\t\t\t\t\n\t\t\t\t<div class=\"et_pb_module_inner\">\n\t\t\t\t\t\n\t\t\t<div class=\"module module--fullwidth offset-top--no offset-bottom--sm\">\n\t\t\t\t<div class=\"sm-header-image sm-header-image--small\">\n\t\t\t\t\t<div class=\"header-image__media\">\n\t\t\t\t\t\t<img decoding=\"async\" src=\"https:\/\/moeller-wedel-optical.com\/wp-content\/uploads\/2023\/04\/MWO-1919-scaled.jpg\" alt=\"History\" style=\"object-position: center center;\"\/>\n\t\t\t\t\t<\/div>\n\t\t\t\t\t<div class=\"header-image__content\">\n\t\t\t\t\t\t<div class=\"content__inner\">\n\t\t\t\t\t\t\t<h2 class=\"content__subtitle\">History<\/h2>\n\t\t\t\t\t\t\t<h1 class=\"content__title\">The history of M\u00f6ller-Wedel Optical<\/h1> \n\t\t\t\t\t\t\t\n\t\t\t\t\t\t<\/div>\n\t\t\t\t\t<\/div>\n\t\t\t\t<\/div>\n\t\t\t<\/div>\n\t\t\t\t<\/div>\n\t\t\t<\/div><div class=\"et_pb_module sm_text sm_text_0\">\n\t\t\t\t\n\t\t\t\t\n\t\t\t\t\n\t\t\t\t\n\t\t\t\t\n\t\t\t\t\n\t\t\t\t<div class=\"et_pb_module_inner\">\n\t\t\t\t\t\n\t\t\t\t<div class=\"module module--boxed offset-top--no offset-bottom--xs\" data-aos=\"fade-in\">\n\t\t\t\t\t<div class=\"sm-text sm-text--variant-normal sm-text--width-full sm-text--align-left sm-text--text-align-left\">\n\t\t\t\t\t\t<h2 class=\"headline headline--none\">It all began in Wedel <\/h2>\n\t\t\t\t\t\t\n\t\t\t\t\t<\/div>\n\t\t\t\t<\/div>\n\t\t\t\t<\/div>\n\t\t\t<\/div>The Wedel location has a special significance for the company. Business realignments and changes in corporate law, along with groundbreaking new products, have shaped the company to this day. One constant has remained [&hellip;]<\/p>\n","protected":false},"author":2,"featured_media":0,"parent":0,"menu_order":0,"comment_status":"closed","ping_status":"closed","template":"","meta":{"_et_pb_use_builder":"on","_et_pb_old_content":"","_et_gb_content_width":"","footnotes":""},"class_list":["post-2927","page","type-page","status-publish","hentry"],"yoast_head":"<!-- This site is optimized with the Yoast SEO plugin v27.4 - https:\/\/yoast.com\/product\/yoast-seo-wordpress\/ -->\n<title>History - M\u00f6ller-Wedel Optical<\/title>\n<meta name=\"robots\" content=\"index, follow, max-snippet:-1, max-image-preview:large, max-video-preview:-1\" \/>\n<link rel=\"canonical\" href=\"https:\/\/moeller-wedel-optical.com\/en\/history\/\" \/>\n<meta property=\"og:locale\" content=\"en_US\" \/>\n<meta property=\"og:type\" content=\"article\" \/>\n<meta property=\"og:title\" content=\"History - M\u00f6ller-Wedel Optical\" \/>\n<meta property=\"og:description\" content=\"The Wedel location has a special significance for the company. Business realignments and changes in corporate law, along with groundbreaking new products, have shaped the company to this day. One constant has remained [&hellip;]\" \/>\n<meta property=\"og:url\" content=\"https:\/\/moeller-wedel-optical.com\/en\/history\/\" \/>\n<meta property=\"og:site_name\" content=\"M\u00f6ller-Wedel Optical\" \/>\n<meta property=\"article:modified_time\" content=\"2023-10-23T10:26:26+00:00\" \/>\n<meta name=\"twitter:card\" content=\"summary_large_image\" \/>\n<meta name=\"twitter:label1\" content=\"Est. reading time\" \/>\n\t<meta name=\"twitter:data1\" content=\"8 minutes\" \/>\n<script type=\"application\/ld+json\" class=\"yoast-schema-graph\">{\"@context\":\"https:\\\/\\\/schema.org\",\"@graph\":[{\"@type\":\"WebPage\",\"@id\":\"https:\\\/\\\/moeller-wedel-optical.com\\\/en\\\/history\\\/\",\"url\":\"https:\\\/\\\/moeller-wedel-optical.com\\\/en\\\/history\\\/\",\"name\":\"History - M\u00f6ller-Wedel Optical\",\"isPartOf\":{\"@id\":\"https:\\\/\\\/moeller-wedel-optical.com\\\/en\\\/#website\"},\"datePublished\":\"2023-06-06T08:22:22+00:00\",\"dateModified\":\"2023-10-23T10:26:26+00:00\",\"breadcrumb\":{\"@id\":\"https:\\\/\\\/moeller-wedel-optical.com\\\/en\\\/history\\\/#breadcrumb\"},\"inLanguage\":\"en-US\",\"potentialAction\":[{\"@type\":\"ReadAction\",\"target\":[\"https:\\\/\\\/moeller-wedel-optical.com\\\/en\\\/history\\\/\"]}]},{\"@type\":\"BreadcrumbList\",\"@id\":\"https:\\\/\\\/moeller-wedel-optical.com\\\/en\\\/history\\\/#breadcrumb\",\"itemListElement\":[{\"@type\":\"ListItem\",\"position\":1,\"name\":\"Startseite\",\"item\":\"https:\\\/\\\/moeller-wedel-optical.com\\\/en\\\/\"},{\"@type\":\"ListItem\",\"position\":2,\"name\":\"History\"}]},{\"@type\":\"WebSite\",\"@id\":\"https:\\\/\\\/moeller-wedel-optical.com\\\/en\\\/#website\",\"url\":\"https:\\\/\\\/moeller-wedel-optical.com\\\/en\\\/\",\"name\":\"M\u00f6ller-Wedel Optical\",\"description\":\"\",\"publisher\":{\"@id\":\"https:\\\/\\\/moeller-wedel-optical.com\\\/en\\\/#organization\"},\"potentialAction\":[{\"@type\":\"SearchAction\",\"target\":{\"@type\":\"EntryPoint\",\"urlTemplate\":\"https:\\\/\\\/moeller-wedel-optical.com\\\/en\\\/?s={search_term_string}\"},\"query-input\":{\"@type\":\"PropertyValueSpecification\",\"valueRequired\":true,\"valueName\":\"search_term_string\"}}],\"inLanguage\":\"en-US\"},{\"@type\":\"Organization\",\"@id\":\"https:\\\/\\\/moeller-wedel-optical.com\\\/en\\\/#organization\",\"name\":\"M\u00f6ller-Wedel Optical\",\"url\":\"https:\\\/\\\/moeller-wedel-optical.com\\\/en\\\/\",\"logo\":{\"@type\":\"ImageObject\",\"inLanguage\":\"en-US\",\"@id\":\"https:\\\/\\\/moeller-wedel-optical.com\\\/en\\\/#\\\/schema\\\/logo\\\/image\\\/\",\"url\":\"https:\\\/\\\/moeller-wedel-optical.com\\\/wp-content\\\/uploads\\\/cropped-android-chrome-192x192-1.png\",\"contentUrl\":\"https:\\\/\\\/moeller-wedel-optical.com\\\/wp-content\\\/uploads\\\/cropped-android-chrome-192x192-1.png\",\"width\":512,\"height\":512,\"caption\":\"M\u00f6ller-Wedel Optical\"},\"image\":{\"@id\":\"https:\\\/\\\/moeller-wedel-optical.com\\\/en\\\/#\\\/schema\\\/logo\\\/image\\\/\"}}]}<\/script>\n<!-- \/ Yoast SEO plugin. -->","yoast_head_json":{"title":"History - M\u00f6ller-Wedel Optical","robots":{"index":"index","follow":"follow","max-snippet":"max-snippet:-1","max-image-preview":"max-image-preview:large","max-video-preview":"max-video-preview:-1"},"canonical":"https:\/\/moeller-wedel-optical.com\/en\/history\/","og_locale":"en_US","og_type":"article","og_title":"History - M\u00f6ller-Wedel Optical","og_description":"The Wedel location has a special significance for the company. Business realignments and changes in corporate law, along with groundbreaking new products, have shaped the company to this day. One constant has remained [&hellip;]","og_url":"https:\/\/moeller-wedel-optical.com\/en\/history\/","og_site_name":"M\u00f6ller-Wedel Optical","article_modified_time":"2023-10-23T10:26:26+00:00","twitter_card":"summary_large_image","twitter_misc":{"Est. reading time":"8 minutes"},"schema":{"@context":"https:\/\/schema.org","@graph":[{"@type":"WebPage","@id":"https:\/\/moeller-wedel-optical.com\/en\/history\/","url":"https:\/\/moeller-wedel-optical.com\/en\/history\/","name":"History - M\u00f6ller-Wedel Optical","isPartOf":{"@id":"https:\/\/moeller-wedel-optical.com\/en\/#website"},"datePublished":"2023-06-06T08:22:22+00:00","dateModified":"2023-10-23T10:26:26+00:00","breadcrumb":{"@id":"https:\/\/moeller-wedel-optical.com\/en\/history\/#breadcrumb"},"inLanguage":"en-US","potentialAction":[{"@type":"ReadAction","target":["https:\/\/moeller-wedel-optical.com\/en\/history\/"]}]},{"@type":"BreadcrumbList","@id":"https:\/\/moeller-wedel-optical.com\/en\/history\/#breadcrumb","itemListElement":[{"@type":"ListItem","position":1,"name":"Startseite","item":"https:\/\/moeller-wedel-optical.com\/en\/"},{"@type":"ListItem","position":2,"name":"History"}]},{"@type":"WebSite","@id":"https:\/\/moeller-wedel-optical.com\/en\/#website","url":"https:\/\/moeller-wedel-optical.com\/en\/","name":"M\u00f6ller-Wedel Optical","description":"","publisher":{"@id":"https:\/\/moeller-wedel-optical.com\/en\/#organization"},"potentialAction":[{"@type":"SearchAction","target":{"@type":"EntryPoint","urlTemplate":"https:\/\/moeller-wedel-optical.com\/en\/?s={search_term_string}"},"query-input":{"@type":"PropertyValueSpecification","valueRequired":true,"valueName":"search_term_string"}}],"inLanguage":"en-US"},{"@type":"Organization","@id":"https:\/\/moeller-wedel-optical.com\/en\/#organization","name":"M\u00f6ller-Wedel Optical","url":"https:\/\/moeller-wedel-optical.com\/en\/","logo":{"@type":"ImageObject","inLanguage":"en-US","@id":"https:\/\/moeller-wedel-optical.com\/en\/#\/schema\/logo\/image\/","url":"https:\/\/moeller-wedel-optical.com\/wp-content\/uploads\/cropped-android-chrome-192x192-1.png","contentUrl":"https:\/\/moeller-wedel-optical.com\/wp-content\/uploads\/cropped-android-chrome-192x192-1.png","width":512,"height":512,"caption":"M\u00f6ller-Wedel Optical"},"image":{"@id":"https:\/\/moeller-wedel-optical.com\/en\/#\/schema\/logo\/image\/"}}]}},"_links":{"self":[{"href":"https:\/\/moeller-wedel-optical.com\/en\/wp-json\/wp\/v2\/pages\/2927","targetHints":{"allow":["GET"]}}],"collection":[{"href":"https:\/\/moeller-wedel-optical.com\/en\/wp-json\/wp\/v2\/pages"}],"about":[{"href":"https:\/\/moeller-wedel-optical.com\/en\/wp-json\/wp\/v2\/types\/page"}],"author":[{"embeddable":true,"href":"https:\/\/moeller-wedel-optical.com\/en\/wp-json\/wp\/v2\/users\/2"}],"replies":[{"embeddable":true,"href":"https:\/\/moeller-wedel-optical.com\/en\/wp-json\/wp\/v2\/comments?post=2927"}],"version-history":[{"count":0,"href":"https:\/\/moeller-wedel-optical.com\/en\/wp-json\/wp\/v2\/pages\/2927\/revisions"}],"wp:attachment":[{"href":"https:\/\/moeller-wedel-optical.com\/en\/wp-json\/wp\/v2\/media?parent=2927"}],"curies":[{"name":"wp","href":"https:\/\/api.w.org\/{rel}","templated":true}]}}